{"id":29914,"date":"2024-03-29T14:54:08","date_gmt":"2024-03-29T13:54:08","guid":{"rendered":"https:\/\/www.cinier.com\/?post_type=use-case&#038;p=29914"},"modified":"2024-03-29T14:54:09","modified_gmt":"2024-03-29T13:54:09","slug":"aria-condizionata-greenor-xl-caldo-freddo","status":"publish","type":"use-case","link":"https:\/\/www.cinier.com\/it\/use-case\/aria-condizionata-greenor-xl-caldo-freddo\/","title":{"rendered":"Aria condizionata GREENOR XL (caldo\/freddo)"},"content":{"rendered":"              \n  <section class=\"ps-block ps-block--image is-free\" data-animated data-toggle-class=\"in-viewport\">\n\n    <div class=\"ps-block__bg\">\n      <img loading=\"lazy\" decoding=\"async\"\n            src=\"https:\/\/www.cinier.com\/app\/uploads\/2022\/01\/bonne-annee-2022-4.jpg\"\n      srcset=\"https:\/\/www.cinier.com\/app\/uploads\/2022\/01\/bonne-annee-2022-4.jpg 9999w\"\n      sizes=\"auto, 9999px\"\n      width=\"800\"\n      height=\"1200\"\n      alt=\"climatiseur ecologique fabriqu\u00e9 en France\"\n      class=\"ps-block__img lozad\"\n      style=\"\"\n      >\n              <div class=\"ps-block__caption\">\n          <div class=\"ps-block__container\">\n            <div class=\"ps-block__grid\">\n              <div class=\"ps-block__content\">\n                <span>Climatizzazione verticale calda e fredda<\/span>\n              <\/div>\n            <\/div>\n          <\/div>\n        <\/div>\n          <\/div>\n\n  <\/section>\n\n\n<section class=\"ps-block ps-block--paragraph\" data-animated>\n  <div class=\"ps-block__container\">\n    <div class=\"ps-block__grid\">\n      <div class=\"ps-block__content\">\n        <div class=\"ps-block__body\">\n          <div class=\"ps-block__item\">\n            \n<p><\/p>\n\n          <\/div>\n        <\/div>\n      <\/div>\n    <\/div>\n  <\/div>\n<\/section>\n\n\n<section class=\"ps-block ps-block--heading\" data-animated>\n  <div class=\"ps-block__container\">\n    <div class=\"ps-block__grid\">\n      <div class=\"ps-block__content\">\n        <div class=\"ps-block__body\">\n          <div class=\"ps-block__item\">\n            \n<h2 class=\"wp-block-heading\">Caso di studio sulla climatizzazione ecologica di alta gamma per una casa con i condizionatori GREENOR prodotti in Francia.<\/h2>\n\n          <\/div>\n        <\/div>\n      <\/div>\n    <\/div>\n  <\/div>\n<\/section>\n\n\n<section class=\"ps-block ps-block--paragraph\" data-animated>\n  <div class=\"ps-block__container\">\n    <div class=\"ps-block__grid\">\n      <div class=\"ps-block__content\">\n        <div class=\"ps-block__body\">\n          <div class=\"ps-block__item\">\n            \n<p>Oggi vi presentiamo un caso di studio su &#8220;come abbellire la vostra casa con i condizionatori CINIER?&#8221;.<\/p>\n\n          <\/div>\n        <\/div>\n      <\/div>\n    <\/div>\n  <\/div>\n<\/section>\n\n\n<section class=\"ps-block ps-block--paragraph\" data-animated>\n  <div class=\"ps-block__container\">\n    <div class=\"ps-block__grid\">\n      <div class=\"ps-block__content\">\n        <div class=\"ps-block__body\">\n          <div class=\"ps-block__item\">\n            \n<p>Dal 2010, Ateliers Cinier sviluppa soluzioni innovative per la climatizzazione ecologica e ultra-design.<\/p>\n\n          <\/div>\n        <\/div>\n      <\/div>\n    <\/div>\n  <\/div>\n<\/section>\n\n\n<section class=\"ps-block ps-block--heading\" data-animated>\n  <div class=\"ps-block__container\">\n    <div class=\"ps-block__grid\">\n      <div class=\"ps-block__content\">\n        <div class=\"ps-block__body\">\n          <div class=\"ps-block__item\">\n            \n<h2 class=\"wp-block-heading\">Ecologico ?<\/h2>\n\n          <\/div>\n        <\/div>\n      <\/div>\n    <\/div>\n  <\/div>\n<\/section>\n\n\n<section class=\"ps-block ps-block--paragraph\" data-animated>\n  <div class=\"ps-block__container\">\n    <div class=\"ps-block__grid\">\n      <div class=\"ps-block__content\">\n        <div class=\"ps-block__body\">\n          <div class=\"ps-block__item\">\n            \n<p>S\u00ec, perch\u00e9 non utilizziamo alcun refrigerante nell&#8217;unit\u00e0 interna o nei tubi che la collegano all&#8217;unit\u00e0 esterna! Solo acqua refrigerata o acqua calda.<br>Inoltre, le unit\u00e0 GREENOR XL sono interamente progettate e prodotte nei nostri laboratori in Francia (S\u00e8te):<br>il che riduce notevolmente l&#8217;impronta di carbonio, rispetto a quasi tutti i marchi che fabbricano i loro prodotti in Asia.<\/p>\n\n          <\/div>\n        <\/div>\n      <\/div>\n    <\/div>\n  <\/div>\n<\/section>\n\n\n<section class=\"ps-block ps-block--heading\" data-animated>\n  <div class=\"ps-block__container\">\n    <div class=\"ps-block__grid\">\n      <div class=\"ps-block__content\">\n        <div class=\"ps-block__body\">\n          <div class=\"ps-block__item\">\n            \n<h2 class=\"wp-block-heading\"><strong>Ultra-Design ?<\/strong> <\/h2>\n\n          <\/div>\n        <\/div>\n      <\/div>\n    <\/div>\n  <\/div>\n<\/section>\n\n\n<section class=\"ps-block ps-block--paragraph\" data-animated>\n  <div class=\"ps-block__container\">\n    <div class=\"ps-block__grid\">\n      <div class=\"ps-block__content\">\n        <div class=\"ps-block__body\">\n          <div class=\"ps-block__item\">\n            \n<p>S\u00ec, perch\u00e9 Greenor \u00e8 la prima e unica unit\u00e0 di design verticale con uno spessore ultra-sottile di 11-15 cm per il modello XL. \u00c8 sparito l&#8217;aspetto orizzontale del sistema a split alto!<br>Ora, con le unit\u00e0 GREENOR, avete un&#8217;ampia scelta di vernici o sculture personalizzate: una vera e propria opera d&#8217;arte per decorare la vostra casa!<\/p>\n\n          <\/div>\n        <\/div>\n      <\/div>\n    <\/div>\n  <\/div>\n<\/section>\n\n\n              \n  <section class=\"ps-block ps-block--image is-free\" data-animated data-toggle-class=\"in-viewport\">\n\n    <div class=\"ps-block__bg\">\n      <img loading=\"lazy\" decoding=\"async\"\n            src=\"https:\/\/www.cinier.com\/app\/uploads\/2022\/01\/bonne-annee-2022-8.jpg\"\n      srcset=\"https:\/\/www.cinier.com\/app\/uploads\/2022\/01\/bonne-annee-2022-8.jpg 9999w\"\n      sizes=\"auto, 9999px\"\n      width=\"886\"\n      height=\"1200\"\n      alt=\"Radiateur pour Pompe \u00e0 chaleur AIR-EAU\"\n      class=\"ps-block__img lozad\"\n      style=\"\"\n      >\n              <div class=\"ps-block__caption\">\n          <div class=\"ps-block__container\">\n            <div class=\"ps-block__grid\">\n              <div class=\"ps-block__content\">\n                <span>Conversione di una casa secondo il modello Greenor<\/span>\n              <\/div>\n            <\/div>\n          <\/div>\n        <\/div>\n          <\/div>\n\n  <\/section>\n\n\n<section class=\"ps-block ps-block--paragraph\" data-animated>\n  <div class=\"ps-block__container\">\n    <div class=\"ps-block__grid\">\n      <div class=\"ps-block__content\">\n        <div class=\"ps-block__body\">\n          <div class=\"ps-block__item\">\n            \n<p>Il caso di studio ci porta sulle alture di Bouzigues, un incantevole villaggio sulle rive della laguna di Thau, nel Mediterraneo.<\/p>\n\n          <\/div>\n        <\/div>\n      <\/div>\n    <\/div>\n  <\/div>\n<\/section>\n\n\n<section class=\"ps-block ps-block--paragraph\" data-animated>\n  <div class=\"ps-block__container\">\n    <div class=\"ps-block__grid\">\n      <div class=\"ps-block__content\">\n        <div class=\"ps-block__body\">\n          <div class=\"ps-block__item\">\n            \n<p>Si tratta di una bellissima villa contemporanea costruita di recente (2017). Il cliente, appassionato di arredamento, ha dotato la casa di riscaldamento a pavimento e aria condizionata nelle camere da letto.<br>Il soggiorno si affaccia sulla piscina e ha finestre a golfo rivolte a sud.<br>Nonostante l&#8217;installazione di tende solari oscuranti, nella sua camera da letto faceva troppo caldo durante i due mesi estivi.<\/p>\n\n          <\/div>\n        <\/div>\n      <\/div>\n    <\/div>\n  <\/div>\n<\/section>\n\n\n<section class=\"ps-block ps-block--paragraph\" data-animated>\n  <div class=\"ps-block__container\">\n    <div class=\"ps-block__grid\">\n      <div class=\"ps-block__content\">\n        <div class=\"ps-block__body\">\n          <div class=\"ps-block__item\">\n            \n<p>Non volendo installare uno split standard nel suo salotto, si \u00e8 rivolto alla soluzione GREENOR XL di CINIER.<br>Per questa installazione, gli abbiamo consigliato di collegarli a una pompa di calore aria-acqua Panasonic MonoBloc.<\/p>\n\n          <\/div>\n        <\/div>\n      <\/div>\n    <\/div>\n  <\/div>\n<\/section>\n\n\n<section class=\"ps-block ps-block--paragraph\" data-animated>\n  <div class=\"ps-block__container\">\n    <div class=\"ps-block__grid\">\n      <div class=\"ps-block__content\">\n        <div class=\"ps-block__body\">\n          <div class=\"ps-block__item\">\n            \n<p>I due GREENOR XL sono installati simmetricamente nella stanza.<\/p>\n\n          <\/div>\n        <\/div>\n      <\/div>\n    <\/div>\n  <\/div>\n<\/section>\n\n\n<section class=\"ps-block ps-block--paragraph\" data-animated>\n  <div class=\"ps-block__container\">\n    <div class=\"ps-block__grid\">\n      <div class=\"ps-block__content\">\n        <div class=\"ps-block__body\">\n          <div class=\"ps-block__item\">\n            \n<p>Appassionato di pesca, il cliente ha scelto due CINIER di colore blu intenso con tocchi di bianco e nero.<br>I due modelli hanno design diversi, ma si sposano molto bene con la vista del laghetto, della piscina e del cielo azzurro.<br>Ha scelto anche una cornice bianca (sono possibili due colori di cornice: nero o bianco).<\/p>\n\n          <\/div>\n        <\/div>\n      <\/div>\n    <\/div>\n  <\/div>\n<\/section>\n\n\n              \n  <section class=\"ps-block ps-block--image is-free\" data-animated data-toggle-class=\"in-viewport\">\n\n    <div class=\"ps-block__bg\">\n      <img loading=\"lazy\" decoding=\"async\"\n            src=\"https:\/\/www.cinier.com\/app\/uploads\/2022\/01\/bonne-annee-2022-7.jpg\"\n      srcset=\"https:\/\/www.cinier.com\/app\/uploads\/2022\/01\/bonne-annee-2022-7.jpg 9999w\"\n      sizes=\"auto, 9999px\"\n      width=\"1200\"\n      height=\"800\"\n      alt=\"climatiseur design CINIER\"\n      class=\"ps-block__img lozad\"\n      style=\"\"\n      >\n              <div class=\"ps-block__caption\">\n          <div class=\"ps-block__container\">\n            <div class=\"ps-block__grid\">\n              <div class=\"ps-block__content\">\n                <span>Due Greenor in una casa di design <\/span>\n              <\/div>\n            <\/div>\n          <\/div>\n        <\/div>\n          <\/div>\n\n  <\/section>\n\n\n<section class=\"ps-block ps-block--paragraph\" data-animated>\n  <div class=\"ps-block__container\">\n    <div class=\"ps-block__grid\">\n      <div class=\"ps-block__content\">\n        <div class=\"ps-block__body\">\n          <div class=\"ps-block__item\">\n            \n<p>Ultra-Design: ogni Greenor XL misura 190 cm x 54 cm. La loro decorazione aggiunge un vero valore decorativo alla stanza.<\/p>\n\n          <\/div>\n        <\/div>\n      <\/div>\n    <\/div>\n  <\/div>\n<\/section>\n\n\n<section class=\"ps-block ps-block--paragraph\" data-animated>\n  <div class=\"ps-block__container\">\n    <div class=\"ps-block__grid\">\n      <div class=\"ps-block__content\">\n        <div class=\"ps-block__body\">\n          <div class=\"ps-block__item\">\n            \n<p>Per i clienti che preferiscono pezzi pi\u00f9 sobri e non artistici, CINIER offre i modelli UNIS.<\/p>\n\n          <\/div>\n        <\/div>\n      <\/div>\n    <\/div>\n  <\/div>\n<\/section>\n\n\n              \n  <section class=\"ps-block ps-block--image is-free\" data-animated data-toggle-class=\"in-viewport\">\n\n    <div class=\"ps-block__bg\">\n      <img loading=\"lazy\" decoding=\"async\"\n            src=\"https:\/\/www.cinier.com\/app\/uploads\/2022\/01\/bonne-annee-2022-7.jpg\"\n      srcset=\"https:\/\/www.cinier.com\/app\/uploads\/2022\/01\/bonne-annee-2022-7.jpg 9999w\"\n      sizes=\"auto, 9999px\"\n      width=\"1200\"\n      height=\"800\"\n      alt=\"climatiseur design CINIER\"\n      class=\"ps-block__img lozad\"\n      style=\"\"\n      >\n              <div class=\"ps-block__caption\">\n          <div class=\"ps-block__container\">\n            <div class=\"ps-block__grid\">\n              <div class=\"ps-block__content\">\n                <span>Due Greenor in una casa di design <\/span>\n              <\/div>\n            <\/div>\n          <\/div>\n        <\/div>\n          <\/div>\n\n  <\/section>\n\n\n<section class=\"ps-block ps-block--paragraph\" data-animated>\n  <div class=\"ps-block__container\">\n    <div class=\"ps-block__grid\">\n      <div class=\"ps-block__content\">\n        <div class=\"ps-block__body\">\n          <div class=\"ps-block__item\">\n            \n<p><strong>Schema di installazione di un condizionatore reversibile GREENOR.<\/strong><\/p>\n\n          <\/div>\n        <\/div>\n      <\/div>\n    <\/div>\n  <\/div>\n<\/section>\n\n\n<section class=\"ps-block ps-block--paragraph\" data-animated>\n  <div class=\"ps-block__container\">\n    <div class=\"ps-block__grid\">\n      <div class=\"ps-block__content\">\n        <div class=\"ps-block__body\">\n          <div class=\"ps-block__item\">\n            \n<p>Molto semplicemente, le unit\u00e0 GREENOR devono essere collegate a un sistema che produce <strong>acqua refrigerata o acqua calda<\/strong>:<\/p>\n\n          <\/div>\n        <\/div>\n      <\/div>\n    <\/div>\n  <\/div>\n<\/section>\n\n\n<section class=\"ps-block ps-block--list\">\n  <div class=\"ps-block__container\">\n    <div class=\"ps-block__grid\">\n      <div class=\"ps-block__content\">\n        <ul>\n                      \n<li>Pompe di calore aria-acqua<\/li>\n\n                      \n<li>Oppure una rete distrettuale di acqua refrigerata (come Climespace a Parigi).<\/li>\n\n                  <\/ul>\n      <\/div>\n    <\/div>\n  <\/div>\n<\/section>\n\n\n<section class=\"ps-block ps-block--paragraph\" data-animated>\n  <div class=\"ps-block__container\">\n    <div class=\"ps-block__grid\">\n      <div class=\"ps-block__content\">\n        <div class=\"ps-block__body\">\n          <div class=\"ps-block__item\">\n            \n<p>Se utilizzato solo per il riscaldamento, un radiatore GREENOR XL pu\u00f2 fornire fino a <strong>6820 Watt<\/strong> di potenza termica!<br>Il GREENOR viene quindi collegato a una caldaia convenzionale o a una pompa di calore aria-acqua per il solo riscaldamento.<\/p>\n\n          <\/div>\n        <\/div>\n      <\/div>\n    <\/div>\n  <\/div>\n<\/section>\n\n\n              \n  <section class=\"ps-block ps-block--image is-large\" data-animated data-toggle-class=\"in-viewport\">\n\n    <div class=\"ps-block__bg\">\n      <img decoding=\"async\"\n            src=\"https:\/\/www.cinier.com\/app\/uploads\/2020\/12\/unis-xl-4.jpg\"\n      srcset=\"https:\/\/www.cinier.com\/app\/uploads\/2020\/12\/unis-xl-4.jpg 650w, https:\/\/www.cinier.com\/app\/uploads\/2020\/12\/unis-xl-4.jpg 1280w\"\n      sizes=\"(max-width: 639px) 650px, 1280px\"\n      width=\"\"\n      height=\"\"\n      alt=\"\"\n      class=\"ps-block__img lozad\"\n      style=\"\"\n      >\n              <div class=\"ps-block__caption\">\n          <div class=\"ps-block__container\">\n            <div class=\"ps-block__grid\">\n              <div class=\"ps-block__content\">\n                <span>Schema di funzionamento del Greenor XL<\/span>\n              <\/div>\n            <\/div>\n          <\/div>\n        <\/div>\n          <\/div>\n\n  <\/section>\n\n\n<section class=\"ps-block ps-block--paragraph\" data-animated>\n  <div class=\"ps-block__container\">\n    <div class=\"ps-block__grid\">\n      <div class=\"ps-block__content\">\n        <div class=\"ps-block__body\">\n          <div class=\"ps-block__item\">\n            \n<p><strong>Unit\u00e0 esterna: pompa di calore aria\/acqua Panasonic.<\/strong><\/p>\n\n          <\/div>\n        <\/div>\n      <\/div>\n    <\/div>\n  <\/div>\n<\/section>\n\n\n<section class=\"ps-block ps-block--paragraph\" data-animated>\n  <div class=\"ps-block__container\">\n    <div class=\"ps-block__grid\">\n      <div class=\"ps-block__content\">\n        <div class=\"ps-block__body\">\n          <div class=\"ps-block__item\">\n            \n<p>Il cliente ha installato l&#8217;unit\u00e0 su una parete esterna non visibile, vicino alle altre pompe di calore (che gestiscono il riscaldamento a pavimento, la climatizzazione delle camere da letto e il serbatoio termodinamico dell&#8217;acqua calda sanitaria).<br>L&#8217;unit\u00e0 \u00e8 stata installata da un termotecnico locale.<\/p>\n\n          <\/div>\n        <\/div>\n      <\/div>\n    <\/div>\n  <\/div>\n<\/section>\n\n\n<section class=\"ps-block ps-block--paragraph\" data-animated>\n  <div class=\"ps-block__container\">\n    <div class=\"ps-block__grid\">\n      <div class=\"ps-block__content\">\n        <div class=\"ps-block__body\">\n          <div class=\"ps-block__item\">\n            \n<p>.<\/p>\n\n          <\/div>\n        <\/div>\n      <\/div>\n    <\/div>\n  <\/div>\n<\/section>\n\n\n                    \n  <section class=\"ps-block ps-block--image is-large is-free\" data-animated data-toggle-class=\"in-viewport\">\n\n    <div class=\"ps-block__bg\">\n      <img loading=\"lazy\" decoding=\"async\"\n            src=\"https:\/\/www.cinier.com\/app\/uploads\/2022\/01\/bonne-annee-2022-2-scaled.jpg\"\n      srcset=\"https:\/\/www.cinier.com\/app\/uploads\/2022\/01\/bonne-annee-2022-2-scaled.jpg 9999w\"\n      sizes=\"auto, 9999px\"\n      width=\"3840\"\n      height=\"2880\"\n      alt=\"Pompe \u00e0 chaleur Air-eau Panasonic\"\n      class=\"ps-block__img lozad\"\n      style=\"\"\n      >\n              <div class=\"ps-block__caption\">\n          <div class=\"ps-block__container\">\n            <div class=\"ps-block__grid\">\n              <div class=\"ps-block__content\">\n                <span>Gruppo esterno <\/span>\n              <\/div>\n            <\/div>\n          <\/div>\n        <\/div>\n          <\/div>\n\n  <\/section>\n\n\n<section class=\"ps-block ps-block--paragraph\" data-animated>\n  <div class=\"ps-block__container\">\n    <div class=\"ps-block__grid\">\n      <div class=\"ps-block__content\">\n        <div class=\"ps-block__body\">\n          <div class=\"ps-block__item\">\n            \n<p>Il risultato finale \u00e8 <strong>davvero bello<\/strong>!<\/p>\n\n          <\/div>\n        <\/div>\n      <\/div>\n    <\/div>\n  <\/div>\n<\/section>\n\n\n<section class=\"ps-block ps-block--paragraph\" data-animated>\n  <div class=\"ps-block__container\">\n    <div class=\"ps-block__grid\">\n      <div class=\"ps-block__content\">\n        <div class=\"ps-block__body\">\n          <div class=\"ps-block__item\">\n            \n<p>Il cliente \u00e8 molto soddisfatto del <strong>comfort e del design<\/strong>.<\/p>\n\n          <\/div>\n        <\/div>\n      <\/div>\n    <\/div>\n  <\/div>\n<\/section>\n\n\n<section class=\"ps-block ps-block--paragraph\" data-animated>\n  <div class=\"ps-block__container\">\n    <div class=\"ps-block__grid\">\n      <div class=\"ps-block__content\">\n        <div class=\"ps-block__body\">\n          <div class=\"ps-block__item\">\n            \n<p>Grazie ai termostati connessi di GREENOR XL, i clienti possono anche regolare la temperatura della propria stanza da remoto, utilizzando il proprio cellulare e l&#8217;applicazione SmartLiving.<\/p>\n\n          <\/div>\n        <\/div>\n      <\/div>\n    <\/div>\n  <\/div>\n<\/section>\n\n\n<section class=\"ps-block ps-block--paragraph\" data-animated>\n  <div class=\"ps-block__container\">\n    <div class=\"ps-block__grid\">\n      <div class=\"ps-block__content\">\n        <div class=\"ps-block__body\">\n          <div class=\"ps-block__item\">\n            \n<p>Le unit\u00e0 sono molto silenziose (quasi impercettibili in prima marcia) e dispongono di una filtrazione dell&#8217;aria altamente efficiente (UV led).<\/p>\n\n          <\/div>\n        <\/div>\n      <\/div>\n    <\/div>\n  <\/div>\n<\/section>\n\n\n\n\n              \n  <section class=\"ps-block ps-block--image is-free\" data-animated data-toggle-class=\"in-viewport\">\n\n    <div class=\"ps-block__bg\">\n      <img loading=\"lazy\" decoding=\"async\"\n            src=\"https:\/\/www.cinier.com\/app\/uploads\/2021\/12\/cinier-greenor-PALMSPRING-XL-CARRE.jpg\"\n      srcset=\"https:\/\/www.cinier.com\/app\/uploads\/2021\/12\/cinier-greenor-PALMSPRING-XL-CARRE.jpg 9999w\"\n      sizes=\"auto, 9999px\"\n      width=\"2481\"\n      height=\"2482\"\n      alt=\"radiateur design  greenor palmspring\"\n      class=\"ps-block__img lozad\"\n      style=\"\"\n      >\n              <div class=\"ps-block__caption\">\n          <div class=\"ps-block__container\">\n            <div class=\"ps-block__grid\">\n              <div class=\"ps-block__content\">\n                <span>Rappresentazione verde e schematica <\/span>\n              <\/div>\n            <\/div>\n          <\/div>\n        <\/div>\n          <\/div>\n\n  <\/section>\n\n\n<section class=\"ps-block ps-block--paragraph\" data-animated>\n  <div class=\"ps-block__container\">\n    <div class=\"ps-block__grid\">\n      <div class=\"ps-block__content\">\n        <div class=\"ps-block__body\">\n          <div class=\"ps-block__item\">\n            \n<p>Un nuovo sistema di climatizzazione ecologico e ultra-design:<br>L&#8217;aria fresca viene distribuita su tutto il lato verticale del GREENOR XL.<\/p>\n\n          <\/div>\n        <\/div>\n      <\/div>\n    <\/div>\n  <\/div>\n<\/section>\n\n\n<section class=\"ps-block ps-block--paragraph\" data-animated>\n  <div class=\"ps-block__container\">\n    <div class=\"ps-block__grid\">\n      <div class=\"ps-block__content\">\n        <div class=\"ps-block__body\">\n          <div class=\"ps-block__item\">\n            \n<p>Il flusso \u00e8 <strong>molto delicato<\/strong> (meno di 1m\/secondo), senza la sensazione di spifferi come in un sistema split tradizionale! L&#8217;aria in ambiente \u00e8 pi\u00f9 <strong>omogenea<\/strong>, quindi il comfort \u00e8 notevolmente migliorato!<\/p>\n\n          <\/div>\n        <\/div>\n      <\/div>\n    <\/div>\n  <\/div>\n<\/section>\n\n\n              \n  <section class=\"ps-block ps-block--image is-large\" data-animated data-toggle-class=\"in-viewport\">\n\n    <div class=\"ps-block__bg\">\n      <img loading=\"lazy\" decoding=\"async\"\n            src=\"https:\/\/www.cinier.com\/app\/uploads\/2022\/01\/bonne-annee-2022-7.jpg\"\n      srcset=\"https:\/\/www.cinier.com\/app\/uploads\/2022\/01\/bonne-annee-2022-7-650x650.jpg 650w, https:\/\/www.cinier.com\/app\/uploads\/2022\/01\/bonne-annee-2022-7.jpg 1280w\"\n      sizes=\"auto, (max-width: 639px) 650px, 1280px\"\n      width=\"1200\"\n      height=\"800\"\n      alt=\"climatiseur design CINIER\"\n      class=\"ps-block__img lozad\"\n      style=\"\"\n      >\n              <div class=\"ps-block__caption\">\n          <div class=\"ps-block__container\">\n            <div class=\"ps-block__grid\">\n              <div class=\"ps-block__content\">\n                <span>2 Greenor XL in una casa di design<\/span>\n              <\/div>\n            <\/div>\n          <\/div>\n        <\/div>\n          <\/div>\n\n  <\/section>\n\n\n<section class=\"ps-block ps-block--heading\" data-animated>\n  <div class=\"ps-block__container\">\n    <div class=\"ps-block__grid\">\n      <div class=\"ps-block__content\">\n        <div class=\"ps-block__body\">\n          <div class=\"ps-block__item\">\n            \n<h3 class=\"wp-block-heading\">Volete attrezzare la vostra azienda o studiare un progetto per i vostri clienti o per voi stessi come singoli? :<\/h3>\n\n          <\/div>\n        <\/div>\n      <\/div>\n    <\/div>\n  <\/div>\n<\/section>\n\n\n<section class=\"ps-block ps-block--paragraph\" data-animated>\n  <div class=\"ps-block__container\">\n    <div class=\"ps-block__grid\">\n      <div class=\"ps-block__content\">\n        <div class=\"ps-block__body\">\n          <div class=\"ps-block__item\">\n            \n<p>Contactez nous directement par email : <a href=\"mailto:info@cinier.com?subject=Demande%20Greenor%20XL\" target=\"_blank\" rel=\"noreferrer noopener\">info@cinier.com<\/a> ou par t\u00e9l\u00e9phone : <a href=\"callto:04 67 18 19 53\">04 67 18 19 53<\/a><\/p>\n\n          <\/div>\n        <\/div>\n      <\/div>\n    <\/div>\n  <\/div>\n<\/section>\n\n\n              \n  <section class=\"ps-block ps-block--image is-free\" data-animated data-toggle-class=\"in-viewport\">\n\n    <div class=\"ps-block__bg\">\n      <img loading=\"lazy\" decoding=\"async\"\n            src=\"https:\/\/www.cinier.com\/app\/uploads\/2022\/05\/ID137195-certificate-red-A-AWARD-DESIGN-CINIER-Greenor-Max-2022-badef.png\"\n      srcset=\"https:\/\/www.cinier.com\/app\/uploads\/2022\/05\/ID137195-certificate-red-A-AWARD-DESIGN-CINIER-Greenor-Max-2022-badef.png 9999w\"\n      sizes=\"auto, 9999px\"\n      width=\"300\"\n      height=\"424\"\n      alt=\"cinier design award winner\"\n      class=\"ps-block__img lozad\"\n      style=\"\"\n      >\n              <div class=\"ps-block__caption\">\n          <div class=\"ps-block__container\">\n            <div class=\"ps-block__grid\">\n              <div class=\"ps-block__content\">\n                <span>Vincitore del premio di design<\/span>\n              <\/div>\n            <\/div>\n          <\/div>\n        <\/div>\n          <\/div>\n\n  <\/section>\n\n\n<section class=\"ps-block ps-block--paragraph\" data-animated>\n  <div class=\"ps-block__container\">\n    <div class=\"ps-block__grid\">\n      <div class=\"ps-block__content\">\n        <div class=\"ps-block__body\">\n          <div class=\"ps-block__item\">\n            \n<p>Per ulteriori informazioni sui nostri prodotti, contattateci al +33 4 67 18 19 53 o a info@cinier.com.<\/p>\n\n          <\/div>\n        <\/div>\n      <\/div>\n    <\/div>\n  <\/div>\n<\/section>\n\n\n<section class=\"ps-block ps-block--paragraph\" data-animated>\n  <div class=\"ps-block__container\">\n    <div class=\"ps-block__grid\">\n      <div class=\"ps-block__content\">\n        <div class=\"ps-block__body\">\n          <div class=\"ps-block__item\">\n            \n<p>Ringraziamo il proprietario per la sua fiducia.<\/p>\n\n          <\/div>\n        <\/div>\n      <\/div>\n    <\/div>\n  <\/div>\n<\/section>\n","protected":false},"featured_media":0,"template":"","product_range":[],"application_case":[],"class_list":["post-29914","use-case","type-use-case","status-publish","hentry"],"acf":[],"yoast_head":"<!-- This site is optimized with the Yoast SEO plugin v27.5 - https:\/\/yoast.com\/product\/yoast-seo-wordpress\/ -->\n<title>Aria condizionata GREENOR XL (caldo\/freddo) - Cinier<\/title>\n<meta name=\"robots\" content=\"index, follow, max-snippet:-1, max-image-preview:large, max-video-preview:-1\" \/>\n<link rel=\"canonical\" href=\"https:\/\/www.cinier.com\/it\/use-case\/aria-condizionata-greenor-xl-caldo-freddo\/\" \/>\n<meta property=\"og:locale\" content=\"it_IT\" \/>\n<meta property=\"og:type\" content=\"article\" \/>\n<meta property=\"og:title\" content=\"Aria condizionata GREENOR XL (caldo\/freddo) - Cinier\" \/>\n<meta property=\"og:description\" content=\"Caso di studio sulla climatizzazione ecologica di alta gamma per una casa con i condizionatori GREENOR prodotti in Francia. Oggi vi presentiamo un caso di studio su &#8220;come abbellire la vostra casa con i condizionatori CINIER?&#8221;. Dal 2010, Ateliers Cinier sviluppa soluzioni innovative per la climatizzazione ecologica e ultra-design. Ecologico ? S\u00ec, perch\u00e9 non utilizziamo [&hellip;]\" \/>\n<meta property=\"og:url\" content=\"https:\/\/www.cinier.com\/it\/use-case\/aria-condizionata-greenor-xl-caldo-freddo\/\" \/>\n<meta property=\"og:site_name\" content=\"Cinier\" \/>\n<meta property=\"article:publisher\" content=\"https:\/\/www.facebook.com\/cinierdesign\/?ref=bookmarks\" \/>\n<meta property=\"article:modified_time\" content=\"2024-03-29T13:54:09+00:00\" \/>\n<meta name=\"twitter:card\" content=\"summary_large_image\" \/>\n<meta name=\"twitter:label1\" content=\"Est. reading time\" \/>\n\t<meta name=\"twitter:data1\" content=\"6 minutes\" \/>\n<script type=\"application\/ld+json\" class=\"yoast-schema-graph\">{\"@context\":\"https:\\\/\\\/schema.org\",\"@graph\":[{\"@type\":\"WebPage\",\"@id\":\"https:\\\/\\\/www.cinier.com\\\/it\\\/use-case\\\/aria-condizionata-greenor-xl-caldo-freddo\\\/\",\"url\":\"https:\\\/\\\/www.cinier.com\\\/it\\\/use-case\\\/aria-condizionata-greenor-xl-caldo-freddo\\\/\",\"name\":\"Aria condizionata GREENOR XL (caldo\\\/freddo) - Cinier\",\"isPartOf\":{\"@id\":\"https:\\\/\\\/www.cinier.com\\\/it\\\/#website\"},\"datePublished\":\"2024-03-29T13:54:08+00:00\",\"dateModified\":\"2024-03-29T13:54:09+00:00\",\"breadcrumb\":{\"@id\":\"https:\\\/\\\/www.cinier.com\\\/it\\\/use-case\\\/aria-condizionata-greenor-xl-caldo-freddo\\\/#breadcrumb\"},\"inLanguage\":\"it-IT\",\"potentialAction\":[{\"@type\":\"ReadAction\",\"target\":[\"https:\\\/\\\/www.cinier.com\\\/it\\\/use-case\\\/aria-condizionata-greenor-xl-caldo-freddo\\\/\"]}]},{\"@type\":\"BreadcrumbList\",\"@id\":\"https:\\\/\\\/www.cinier.com\\\/it\\\/use-case\\\/aria-condizionata-greenor-xl-caldo-freddo\\\/#breadcrumb\",\"itemListElement\":[{\"@type\":\"ListItem\",\"position\":1,\"name\":\"Accueil\",\"item\":\"https:\\\/\\\/www.cinier.com\\\/it\\\/\"},{\"@type\":\"ListItem\",\"position\":2,\"name\":\"Etudes de cas\",\"item\":\"https:\\\/\\\/www.cinier.com\\\/it\\\/use-case\\\/\"},{\"@type\":\"ListItem\",\"position\":3,\"name\":\"Aria condizionata GREENOR XL (caldo\\\/freddo)\"}]},{\"@type\":\"WebSite\",\"@id\":\"https:\\\/\\\/www.cinier.com\\\/it\\\/#website\",\"url\":\"https:\\\/\\\/www.cinier.com\\\/it\\\/\",\"name\":\"Cinier\",\"description\":\"SOLUTIONS HAUT DE GAMME POUR LE DESIGN D&#039;INT\u00c9RIEUR\",\"publisher\":{\"@id\":\"https:\\\/\\\/www.cinier.com\\\/it\\\/#organization\"},\"potentialAction\":[{\"@type\":\"SearchAction\",\"target\":{\"@type\":\"EntryPoint\",\"urlTemplate\":\"https:\\\/\\\/www.cinier.com\\\/it\\\/?s={search_term_string}\"},\"query-input\":{\"@type\":\"PropertyValueSpecification\",\"valueRequired\":true,\"valueName\":\"search_term_string\"}}],\"inLanguage\":\"it-IT\"},{\"@type\":\"Organization\",\"@id\":\"https:\\\/\\\/www.cinier.com\\\/it\\\/#organization\",\"name\":\"Cinier\",\"url\":\"https:\\\/\\\/www.cinier.com\\\/it\\\/\",\"logo\":{\"@type\":\"ImageObject\",\"inLanguage\":\"it-IT\",\"@id\":\"https:\\\/\\\/www.cinier.com\\\/it\\\/#\\\/schema\\\/logo\\\/image\\\/\",\"url\":\"https:\\\/\\\/www.cinier.com\\\/app\\\/uploads\\\/2019\\\/08\\\/logo.png\",\"contentUrl\":\"https:\\\/\\\/www.cinier.com\\\/app\\\/uploads\\\/2019\\\/08\\\/logo.png\",\"width\":258,\"height\":122,\"caption\":\"Cinier\"},\"image\":{\"@id\":\"https:\\\/\\\/www.cinier.com\\\/it\\\/#\\\/schema\\\/logo\\\/image\\\/\"},\"sameAs\":[\"https:\\\/\\\/www.facebook.com\\\/cinierdesign\\\/?ref=bookmarks\",\"https:\\\/\\\/www.instagram.com\\\/cinier_design\\\/?hl=en\",\"https:\\\/\\\/www.linkedin.com\\\/company\\\/cinier-paris\\\/?viewAsMember=true\",\"https:\\\/\\\/www.pinterest.fr\\\/CINIERFrance\\\/\",\"https:\\\/\\\/www.youtube.com\\\/watch?v=EBncqm0X6-4\"]}]}<\/script>\n<!-- \/ Yoast SEO plugin. -->","yoast_head_json":{"title":"Aria condizionata GREENOR XL (caldo\/freddo) - Cinier","robots":{"index":"index","follow":"follow","max-snippet":"max-snippet:-1","max-image-preview":"max-image-preview:large","max-video-preview":"max-video-preview:-1"},"canonical":"https:\/\/www.cinier.com\/it\/use-case\/aria-condizionata-greenor-xl-caldo-freddo\/","og_locale":"it_IT","og_type":"article","og_title":"Aria condizionata GREENOR XL (caldo\/freddo) - Cinier","og_description":"Caso di studio sulla climatizzazione ecologica di alta gamma per una casa con i condizionatori GREENOR prodotti in Francia. Oggi vi presentiamo un caso di studio su &#8220;come abbellire la vostra casa con i condizionatori CINIER?&#8221;. Dal 2010, Ateliers Cinier sviluppa soluzioni innovative per la climatizzazione ecologica e ultra-design. Ecologico ? S\u00ec, perch\u00e9 non utilizziamo [&hellip;]","og_url":"https:\/\/www.cinier.com\/it\/use-case\/aria-condizionata-greenor-xl-caldo-freddo\/","og_site_name":"Cinier","article_publisher":"https:\/\/www.facebook.com\/cinierdesign\/?ref=bookmarks","article_modified_time":"2024-03-29T13:54:09+00:00","twitter_card":"summary_large_image","twitter_misc":{"Est. reading time":"6 minutes"},"schema":{"@context":"https:\/\/schema.org","@graph":[{"@type":"WebPage","@id":"https:\/\/www.cinier.com\/it\/use-case\/aria-condizionata-greenor-xl-caldo-freddo\/","url":"https:\/\/www.cinier.com\/it\/use-case\/aria-condizionata-greenor-xl-caldo-freddo\/","name":"Aria condizionata GREENOR XL (caldo\/freddo) - Cinier","isPartOf":{"@id":"https:\/\/www.cinier.com\/it\/#website"},"datePublished":"2024-03-29T13:54:08+00:00","dateModified":"2024-03-29T13:54:09+00:00","breadcrumb":{"@id":"https:\/\/www.cinier.com\/it\/use-case\/aria-condizionata-greenor-xl-caldo-freddo\/#breadcrumb"},"inLanguage":"it-IT","potentialAction":[{"@type":"ReadAction","target":["https:\/\/www.cinier.com\/it\/use-case\/aria-condizionata-greenor-xl-caldo-freddo\/"]}]},{"@type":"BreadcrumbList","@id":"https:\/\/www.cinier.com\/it\/use-case\/aria-condizionata-greenor-xl-caldo-freddo\/#breadcrumb","itemListElement":[{"@type":"ListItem","position":1,"name":"Accueil","item":"https:\/\/www.cinier.com\/it\/"},{"@type":"ListItem","position":2,"name":"Etudes de cas","item":"https:\/\/www.cinier.com\/it\/use-case\/"},{"@type":"ListItem","position":3,"name":"Aria condizionata GREENOR XL (caldo\/freddo)"}]},{"@type":"WebSite","@id":"https:\/\/www.cinier.com\/it\/#website","url":"https:\/\/www.cinier.com\/it\/","name":"Cinier","description":"SOLUTIONS HAUT DE GAMME POUR LE DESIGN D&#039;INT\u00c9RIEUR","publisher":{"@id":"https:\/\/www.cinier.com\/it\/#organization"},"potentialAction":[{"@type":"SearchAction","target":{"@type":"EntryPoint","urlTemplate":"https:\/\/www.cinier.com\/it\/?s={search_term_string}"},"query-input":{"@type":"PropertyValueSpecification","valueRequired":true,"valueName":"search_term_string"}}],"inLanguage":"it-IT"},{"@type":"Organization","@id":"https:\/\/www.cinier.com\/it\/#organization","name":"Cinier","url":"https:\/\/www.cinier.com\/it\/","logo":{"@type":"ImageObject","inLanguage":"it-IT","@id":"https:\/\/www.cinier.com\/it\/#\/schema\/logo\/image\/","url":"https:\/\/www.cinier.com\/app\/uploads\/2019\/08\/logo.png","contentUrl":"https:\/\/www.cinier.com\/app\/uploads\/2019\/08\/logo.png","width":258,"height":122,"caption":"Cinier"},"image":{"@id":"https:\/\/www.cinier.com\/it\/#\/schema\/logo\/image\/"},"sameAs":["https:\/\/www.facebook.com\/cinierdesign\/?ref=bookmarks","https:\/\/www.instagram.com\/cinier_design\/?hl=en","https:\/\/www.linkedin.com\/company\/cinier-paris\/?viewAsMember=true","https:\/\/www.pinterest.fr\/CINIERFrance\/","https:\/\/www.youtube.com\/watch?v=EBncqm0X6-4"]}]}},"_links":{"self":[{"href":"https:\/\/www.cinier.com\/it\/wp-json\/wp\/v2\/use-case\/29914","targetHints":{"allow":["GET"]}}],"collection":[{"href":"https:\/\/www.cinier.com\/it\/wp-json\/wp\/v2\/use-case"}],"about":[{"href":"https:\/\/www.cinier.com\/it\/wp-json\/wp\/v2\/types\/use-case"}],"wp:attachment":[{"href":"https:\/\/www.cinier.com\/it\/wp-json\/wp\/v2\/media?parent=29914"}],"wp:term":[{"taxonomy":"product_range","embeddable":true,"href":"https:\/\/www.cinier.com\/it\/wp-json\/wp\/v2\/product_range?post=29914"},{"taxonomy":"application_case","embeddable":true,"href":"https:\/\/www.cinier.com\/it\/wp-json\/wp\/v2\/application_case?post=29914"}],"curies":[{"name":"wp","href":"https:\/\/api.w.org\/{rel}","templated":true}]}}