{"id":12407,"date":"2019-07-31T12:20:03","date_gmt":"2019-07-31T10:20:03","guid":{"rendered":"https:\/\/www.cinier.com\/maison-cinier\/historique\/"},"modified":"2024-12-11T11:48:26","modified_gmt":"2024-12-11T10:48:26","slug":"histoire","status":"publish","type":"page","link":"https:\/\/www.cinier.com\/de\/maison-cinier\/histoire\/","title":{"rendered":"Firmengeschichte"},"content":{"rendered":"<section class=\"ps-block ps-block--textimage image-left\" data-animated>\n  <div class=\"ps-block__container\">\n    <div class=\"ps-block__grid\">\n\n      <div class=\"ps-block__img\">\n                  <img class=\"lozad\" data-src=\"https:\/\/www.cinier.com\/app\/uploads\/2019\/08\/crafting-662x640.jpg\" data-srcset=\"https:\/\/www.cinier.com\/app\/uploads\/2019\/08\/crafting-662x640.jpg 690w\" alt=\"Olycal\u00ae\">\n              <\/div>\n\n      <div class=\"ps-block__body \">\n                <h3 class=\"title\">Kreation und technische Exzellenz \u2013 made in France.<\/h3>\n                        <p class=\"text\">\n          Die Firma CINIER ist seit 1990 spezialisiert in der Herstellung von zeitgen\u00f6ssischen, modernen Heizk\u00f6rpern. Hier wird hochqualitative Handwerkskunst ausge\u00fcbt.\r\n\r\nHauptwerte dieses Familienbetriebes sind eine ausgefeilte Technik, Komfort und Stil.\r\n\r\nJeder CINIER Heizk\u00f6rper ist eine echte Skulptur, vollst\u00e4ndig handgemacht und handpoliert, mit einer Technologie, die einzigartigen Heizkomfort verspricht.\n        <\/p>\n                      <\/div>\n\n    <\/div>\n  <\/div>\n<\/section>\n\n\n<section class=\"ps-block ps-block--quote\" data-animated>\n  <div class=\"ps-block__container\">\n    <div class=\"ps-block__grid\">\n      <div class=\"ps-block__content\">\n        <div class=\"ps-block__body\">\n          <div class=\"ps-block__item\">\n                          \n<p> <em>\u201cSich mit sch\u00f6nen Dingen umgeben ist ein Lebensstil.<\/em><br><em>Jeder hat eigene Ansichten der Dinge.<\/em><br><em>Das wichtigste ist jedoch, den Dingen einen Sinn zu geben.\u201c<\/em><\/p>\n\n                                      \n<blockquote class=\"wp-block-quote has-text-align-left\"><cite><em>Michel Cinier<\/em><\/cite><\/blockquote>\n\n                      <\/div>\n        <\/div>\n      <\/div>\n    <\/div>\n  <\/div>\n<\/section>\n\n\n<section class=\"ps-block ps-block--heading\" data-animated>\n  <div class=\"ps-block__container\">\n    <div class=\"ps-block__grid\">\n      <div class=\"ps-block__content\">\n        <div class=\"ps-block__body\">\n          <div class=\"ps-block__item\">\n            \n<h3 class=\"wp-block-heading\"> Firmengeschichte \u2013 40 Jahre Erfahrung zu Ihren Dienstenstorique.<\/h3>\n\n          <\/div>\n        <\/div>\n      <\/div>\n    <\/div>\n  <\/div>\n<\/section>\n\n\n  <section class=\"ps-block ps-block--accordion\" data-animated>\n    <div class=\"ps-block__container\">\n      <div class=\"ps-block__grid\">\n        <div class=\"ps-block__content\">\n          <div class=\"ps-block__body\">\n            <div class=\"ps-block__item\">\n              <ul class=\"accordion\" data-accordion data-multi-expand=\"true\" data-allow-all-closed=\"true\">\n                                  <li class=\"accordion-item\" data-accordion-item>\n                    <a href=\"#\" class=\"accordion-title\">\n                      1975\n                      <span class=\"accordion-toggle\"><\/span>\n                    <\/a>\n                    <div class=\"accordion-content\" data-tab-content><p>Michel Cinier gr\u00fcndet seine Firma f\u00fcr Installation von Heiz-und Klimaanlagen im Jahr 1975.<\/p>\n<\/div>\n                  <\/li>\n                                  <li class=\"accordion-item\" data-accordion-item>\n                    <a href=\"#\" class=\"accordion-title\">\n                      1980\n                      <span class=\"accordion-toggle\"><\/span>\n                    <\/a>\n                    <div class=\"accordion-content\" data-tab-content><p>Erfindung des 1. Raumw\u00e4rmers f\u00fcr Zentralheizbetrieb, den man in die Wand einbauen kann.<\/p>\n<\/div>\n                  <\/li>\n                                  <li class=\"accordion-item\" data-accordion-item>\n                    <a href=\"#\" class=\"accordion-title\">\n                      1982 &#8211; 1983\n                      <span class=\"accordion-toggle\"><\/span>\n                    <\/a>\n                    <div class=\"accordion-content\" data-tab-content><p>Entwicklung einer speziellen L\u00f6sung f\u00fcr das Erw\u00e4rmen und K\u00fchlen von Bordeaux-Weinen. Innovation-Award auf der SITIVI-Messe.<\/p>\n<\/div>\n                  <\/li>\n                                  <li class=\"accordion-item\" data-accordion-item>\n                    <a href=\"#\" class=\"accordion-title\">\n                      1983-1990\n                      <span class=\"accordion-toggle\"><\/span>\n                    <\/a>\n                    <div class=\"accordion-content\" data-tab-content><p>Erfindung der 1. Skulptur-Heizk\u00f6rper aus Stein. Entwicklung und Recherchen in Zusammenarbeit mit der Technischen Ingenieur-Hochschule der Mienen von Al\u00e8s (S\u00fcdfrankreich).<\/p>\n<\/div>\n                  <\/li>\n                                  <li class=\"accordion-item\" data-accordion-item>\n                    <a href=\"#\" class=\"accordion-title\">\n                      1990\n                      <span class=\"accordion-toggle\"><\/span>\n                    <\/a>\n                    <div class=\"accordion-content\" data-tab-content><p>Vermarktung\u00a0 der ersten CINIER Hei\u00dfwasser-Raumw\u00e4rmer aus Olycalstein mit au\u00dfergew\u00f6hnlichem k\u00fcnstlerischen Design.<\/p>\n<\/div>\n                  <\/li>\n                                  <li class=\"accordion-item\" data-accordion-item>\n                    <a href=\"#\" class=\"accordion-title\">\n                      1994\n                      <span class=\"accordion-toggle\"><\/span>\n                    <\/a>\n                    <div class=\"accordion-content\" data-tab-content><p>Vermarktung der ersten CINIER Elektro-Raumw\u00e4rmern aus Olycalstein.<\/p>\n<\/div>\n                  <\/li>\n                                  <li class=\"accordion-item\" data-accordion-item>\n                    <a href=\"#\" class=\"accordion-title\">\n                      1999\n                      <span class=\"accordion-toggle\"><\/span>\n                    <\/a>\n                    <div class=\"accordion-content\" data-tab-content><p>St\u00e9phane Cinier schlie\u00dft sich dem Familienunternehmen an und vergr\u00f6\u00dfert das Verkaufsnetz im Ausland.<\/p>\n<\/div>\n                  <\/li>\n                                  <li class=\"accordion-item\" data-accordion-item>\n                    <a href=\"#\" class=\"accordion-title\">\n                      2001 &#8211; 2002\n                      <span class=\"accordion-toggle\"><\/span>\n                    <\/a>\n                    <div class=\"accordion-content\" data-tab-content><p>Oscar der Innovation f\u00fcr die CINIER Raumw\u00e4rmer aus Olycalstein (Interclima&amp;Expotherm-Messe).<\/p>\n<\/div>\n                  <\/li>\n                                  <li class=\"accordion-item\" data-accordion-item>\n                    <a href=\"#\" class=\"accordion-title\">\n                      2002\n                      <span class=\"accordion-toggle\"><\/span>\n                    <\/a>\n                    <div class=\"accordion-content\" data-tab-content><p>Entwicklung der Verkaufs-Strategie, Erweiterung nach Europa und Ru\u00dfland.<\/p>\n<\/div>\n                  <\/li>\n                                  <li class=\"accordion-item\" data-accordion-item>\n                    <a href=\"#\" class=\"accordion-title\">\n                      2006\n                      <span class=\"accordion-toggle\"><\/span>\n                    <\/a>\n                    <div class=\"accordion-content\" data-tab-content><p>Johanne Cinier, K\u00fcnstlerin und Stylistin f\u00fcr Givenchy in Paris beteiligt sich am Familienunternehmen und entwickelt eine exklusive Kollektion von handgemalten Unikaten (die Kollektion \u201cpi\u00e8ces uniques\u201d).<\/p>\n<\/div>\n                  <\/li>\n                                  <li class=\"accordion-item\" data-accordion-item>\n                    <a href=\"#\" class=\"accordion-title\">\n                      2007\n                      <span class=\"accordion-toggle\"><\/span>\n                    <\/a>\n                    <div class=\"accordion-content\" data-tab-content><p>Exklusive Partnerschaft mit der Firma BEMM GmbH f\u00fcr die Vermarktung von CINIER in Deutschland und \u00d6sterreich. Vorstellung der CINIER-Modelle in Deutschland anl\u00e4sslich der ISH-Messe.<\/p>\n<\/div>\n                  <\/li>\n                                  <li class=\"accordion-item\" data-accordion-item>\n                    <a href=\"#\" class=\"accordion-title\">\n                      2007-2009\n                      <span class=\"accordion-toggle\"><\/span>\n                    <\/a>\n                    <div class=\"accordion-content\" data-tab-content><p>Forschung und Entwicklung eines neuen Produkts im Bereich Heizen und\/oder K\u00fchlen, es sollte umweltfreundlich sein aber mit hoher Effizienz und sch\u00f6nem Design : Der Greenor.<\/p>\n<\/div>\n                  <\/li>\n                                  <li class=\"accordion-item\" data-accordion-item>\n                    <a href=\"#\" class=\"accordion-title\">\n                      2010\n                      <span class=\"accordion-toggle\"><\/span>\n                    <\/a>\n                    <div class=\"accordion-content\" data-tab-content><p>Internationales Patent P.C.T des Greenor-Fancoils. Einf\u00fchrung des Arte-Hochleistungs-W\u00e4rme\/Klimapaneel auf den franz\u00f6sischen Markt anl\u00e4sslich der Interclima-Messe, und auf den norwegischen und schweizer Markt.<\/p>\n<\/div>\n                  <\/li>\n                                  <li class=\"accordion-item\" data-accordion-item>\n                    <a href=\"#\" class=\"accordion-title\">\n                      2011\n                      <span class=\"accordion-toggle\"><\/span>\n                    <\/a>\n                    <div class=\"accordion-content\" data-tab-content><p>Februar. Offizielle Vorstellung des Greenors in Ru\u00dfland (Aquatherm Moskau) und in Deutschland (ISH-Messe).<\/p>\n<\/div>\n                  <\/li>\n                                  <li class=\"accordion-item\" data-accordion-item>\n                    <a href=\"#\" class=\"accordion-title\">\n                      2012\n                      <span class=\"accordion-toggle\"><\/span>\n                    <\/a>\n                    <div class=\"accordion-content\" data-tab-content><p>Neue exklusive CINIER Badraumw\u00e4rmer \u2013 Swissbau-Messe in der Schweiz und Ideobain in Paris.<\/p>\n<\/div>\n                  <\/li>\n                                  <li class=\"accordion-item\" data-accordion-item>\n                    <a href=\"#\" class=\"accordion-title\">\n                      2013\n                      <span class=\"accordion-toggle\"><\/span>\n                    <\/a>\n                    <div class=\"accordion-content\" data-tab-content><p>Herstellung einer neuen exklusiven Serie von LED-Wandleuchten. Einf\u00fchrung auf der Messe \u201cMaison&amp;Objet\u201d und \u201cEquip\u2019hotel\u201d in Paris.<\/p>\n<\/div>\n                  <\/li>\n                                  <li class=\"accordion-item\" data-accordion-item>\n                    <a href=\"#\" class=\"accordion-title\">\n                      2015\n                      <span class=\"accordion-toggle\"><\/span>\n                    <\/a>\n                    <div class=\"accordion-content\" data-tab-content><p>Ausstellung der Badheizk\u00f6rper- Kollektion CINIER130, des GREENOR LED und der Wandleuchten CINIER LT auf der ISH Messe in Frankfurt und auf Interclima\/Batimat in Paris.<br \/>\nEr\u00f6ffnung eines exklusiven CINIER Showrooms im historischen Zentrum von Paris (7. Arrondissement).<\/p>\n<\/div>\n                  <\/li>\n                                  <li class=\"accordion-item\" data-accordion-item>\n                    <a href=\"#\" class=\"accordion-title\">\n                      2017-2019\n                      <span class=\"accordion-toggle\"><\/span>\n                    <\/a>\n                    <div class=\"accordion-content\" data-tab-content><p>Kreation neuer Modelle ikonischer LED-Leuchten: Cascade de Mir\u00e9 in 3, 4 und 9 Elementen, nach Ma\u00df.<br \/>\nTeilnahme an der Messe in NewYork ICFF 2018, Salone del Bagno in Mailand und ART de VIVRE in Moskau.<br \/>\nTeilnahme an der ISH Frankfurt 2019, NewYork ICFF 2019 und ART de VIVRE in Shenzhen, China.<\/p>\n<\/div>\n                  <\/li>\n                                  <li class=\"accordion-item\" data-accordion-item>\n                    <a href=\"#\" class=\"accordion-title\">\n                      2021-2023\n                      <span class=\"accordion-toggle\"><\/span>\n                    <\/a>\n                    <div class=\"accordion-content\" data-tab-content><p>Einf\u00fchrung von GREENOR XL und Gewinn des A&#8217;Design Award Platinum mit diesem neuen Produkt.<br \/>\nGREENOR XL gewinnt den German Design Award 2023.<br \/>\nEr\u00f6ffnung eines Showrooms in Shanghai.<br \/>\nNeue Modelle in der Belle Epoque Gusseisen-Kollektion und in der ROC Cinier-Kollektion.<\/p>\n<\/div>\n                  <\/li>\n                                  <li class=\"accordion-item\" data-accordion-item>\n                    <a href=\"#\" class=\"accordion-title\">\n                      2024\n                      <span class=\"accordion-toggle\"><\/span>\n                    <\/a>\n                    <div class=\"accordion-content\" data-tab-content><p>Einf\u00fchrung neuer Modelle in der Kollektion \u201eModerne Heizk\u00f6rper\u201c: ALKHAT und BLACK EFFERVESCENCE.<br \/>\nEinf\u00fchrung des Modells EMILE 3 in der Kollektion \u201eBelle Epoque\u201c.<br \/>\nTeilnahme an der Messe ARCHITECT@WORK in London.<br \/>\nTeilnahme an der ARCHITECT@WORK-Messe in Lyon \/ Rotterdarm \/ Lausanne, Schweiz.<br \/>\nTeilnahme an der Messe EQUIP&#8217;HOTEL PARIS (November 2024).<\/p>\n<\/div>\n                  <\/li>\n                              <\/ul>\n            <\/div>\n          <\/div>\n        <\/div>\n      <\/div>\n    <\/div>\n  <\/section>\n\n\n<section class=\"ps-block ps-block--paragraph\" data-animated>\n  <div class=\"ps-block__container\">\n    <div class=\"ps-block__grid\">\n      <div class=\"ps-block__content\">\n        <div class=\"ps-block__body\">\n          <div class=\"ps-block__item\">\n            \n<p><\/p>\n\n          <\/div>\n        <\/div>\n      <\/div>\n    <\/div>\n  <\/div>\n<\/section>\n\n\n  <section class=\"ps-block ps-block--carousel-freemode js-photoswipe\" data-animated>\n    <div class=\"ps-block__container\">\n            <div class=\"ps-block__grid\">\n        <div class=\"ps-block__content\">\n          <div class=\"ps-block__body\">\n            <div class=\"swiper-container js-swiper-freemode\">\n              <div class=\"swiper-wrapper\">\n                <div class=\"ps-block__item swiper-slide\">\n      <figure itemprop=\"associatedMedia\" itemscope itemtype=\"http:\/\/schema.org\/ImageObject\">\n      <a href=\"https:\/\/www.cinier.com\/app\/uploads\/2019\/08\/D\u00e9tail-Signature-Michel-Cinier.jpg\" itemprop=\"contentUrl\" data-size=\"4992x3328\">\n        <img decoding=\"async\" src=\"https:\/\/www.cinier.com\/app\/uploads\/2019\/08\/D\u00e9tail-Signature-Michel-Cinier.jpg\" itemprop=\"thumbnail\" alt=\"\">\n      <\/a>\n          <\/figure>\n  <\/div>\n<div class=\"ps-block__item swiper-slide\">\n      <figure itemprop=\"associatedMedia\" itemscope itemtype=\"http:\/\/schema.org\/ImageObject\">\n      <a href=\"https:\/\/www.cinier.com\/app\/uploads\/2019\/08\/lhistoire-de-cinier.jpg\" itemprop=\"contentUrl\" data-size=\"1173x1280\">\n        <img decoding=\"async\" src=\"https:\/\/www.cinier.com\/app\/uploads\/2019\/08\/lhistoire-de-cinier-495x540.jpg\" itemprop=\"thumbnail\" alt=\"Firmengeschichte 1\">\n      <\/a>\n          <\/figure>\n  <\/div>\n<div class=\"ps-block__item swiper-slide\">\n      <figure itemprop=\"associatedMedia\" itemscope itemtype=\"http:\/\/schema.org\/ImageObject\">\n      <a href=\"https:\/\/www.cinier.com\/app\/uploads\/2019\/08\/CINIER-Family-Johanna-Cinier-Stephane-CinierMichel-Cinier-Johanne-Cinier.-bdef..jpg\" itemprop=\"contentUrl\" data-size=\"833x768\">\n        <img decoding=\"async\" src=\"https:\/\/www.cinier.com\/app\/uploads\/2019\/08\/CINIER-Family-Johanna-Cinier-Stephane-CinierMichel-Cinier-Johanne-Cinier.-bdef..jpg\" itemprop=\"thumbnail\" alt=\"Maison Cinier\">\n      <\/a>\n          <\/figure>\n  <\/div>\n<div class=\"ps-block__item swiper-slide\">\n      <figure itemprop=\"associatedMedia\" itemscope itemtype=\"http:\/\/schema.org\/ImageObject\">\n      <a href=\"https:\/\/www.cinier.com\/app\/uploads\/2019\/08\/cinier-ateliers-sete.bmp\" itemprop=\"contentUrl\" data-size=\"400x300\">\n        <img decoding=\"async\" src=\"https:\/\/www.cinier.com\/app\/uploads\/2019\/08\/cinier-ateliers-sete.bmp\" itemprop=\"thumbnail\" alt=\"\">\n      <\/a>\n          <\/figure>\n  <\/div>\n<div class=\"ps-block__item swiper-slide\">\n      <figure itemprop=\"associatedMedia\" itemscope itemtype=\"http:\/\/schema.org\/ImageObject\">\n      <a href=\"https:\/\/www.cinier.com\/app\/uploads\/2019\/08\/CINIER-LT-White-Frame.jpg\" itemprop=\"contentUrl\" data-size=\"5616x3744\">\n        <img decoding=\"async\" src=\"https:\/\/www.cinier.com\/app\/uploads\/2019\/08\/CINIER-LT-White-Frame.jpg\" itemprop=\"thumbnail\" alt=\"\">\n      <\/a>\n          <\/figure>\n  <\/div>\n              <\/div>\n              <div class=\"swiper-button-prev\"><\/div>\n              <div class=\"swiper-button-next\"><\/div>\n              <div class=\"swiper-pagination\"><\/div>\n            <\/div>\n          <\/div>\n        <\/div>\n      <\/div>\n    <\/div>\n  <\/section>\n","protected":false},"excerpt":{"rendered":"<p>Die Firma CINIER ist seit 1990 spezialisiert in der Herstellung von zeitgen\u00f6ssischen, modernen Heizk\u00f6rpern. Hier wird hochqualitative Handwerkskunst ausge\u00fcbt.<\/p>\n","protected":false},"author":1,"featured_media":3568,"parent":10809,"menu_order":0,"comment_status":"closed","ping_status":"closed","template":"","meta":{"_acf_changed":false,"inline_featured_image":false,"footnotes":""},"class_list":["post-12407","page","type-page","status-publish","has-post-thumbnail","hentry"],"acf":[],"yoast_head":"<!-- This site is optimized with the Yoast SEO plugin v27.5 - https:\/\/yoast.com\/product\/yoast-seo-wordpress\/ -->\n<title>Firmengeschichte | Cinier<\/title>\n<meta name=\"description\" content=\"Die Firma CINIER ist seit 1990 spezialisiert in der Herstellung von zeitgen\u00f6ssischen, modernen Heizk\u00f6rpern. Hier wird hochqualitative Handwerkskunst ausge\u00fcbt.\" \/>\n<meta name=\"robots\" content=\"index, follow, max-snippet:-1, max-image-preview:large, max-video-preview:-1\" \/>\n<link rel=\"canonical\" href=\"https:\/\/www.cinier.com\/de\/maison-cinier\/histoire\/\" \/>\n<meta property=\"og:locale\" content=\"de_DE\" \/>\n<meta property=\"og:type\" content=\"article\" \/>\n<meta property=\"og:title\" content=\"Firmengeschichte | Cinier\" \/>\n<meta property=\"og:description\" content=\"Die Firma CINIER ist seit 1990 spezialisiert in der Herstellung von zeitgen\u00f6ssischen, modernen Heizk\u00f6rpern. Hier wird hochqualitative Handwerkskunst ausge\u00fcbt.\" \/>\n<meta property=\"og:url\" content=\"https:\/\/www.cinier.com\/de\/maison-cinier\/histoire\/\" \/>\n<meta property=\"og:site_name\" content=\"Cinier\" \/>\n<meta property=\"article:publisher\" content=\"https:\/\/www.facebook.com\/cinierdesign\/?ref=bookmarks\" \/>\n<meta property=\"article:modified_time\" content=\"2024-12-11T10:48:26+00:00\" \/>\n<meta property=\"og:image\" content=\"https:\/\/www.cinier.com\/app\/uploads\/2019\/08\/lhistoire-de-cinier.jpg\" \/>\n\t<meta property=\"og:image:width\" content=\"1173\" \/>\n\t<meta property=\"og:image:height\" content=\"1280\" \/>\n\t<meta property=\"og:image:type\" content=\"image\/jpeg\" \/>\n<meta name=\"twitter:card\" content=\"summary_large_image\" \/>\n<meta name=\"twitter:label1\" content=\"Est. reading time\" \/>\n\t<meta name=\"twitter:data1\" content=\"1 minute\" \/>\n<script type=\"application\/ld+json\" class=\"yoast-schema-graph\">{\"@context\":\"https:\\\/\\\/schema.org\",\"@graph\":[{\"@type\":\"WebPage\",\"@id\":\"https:\\\/\\\/www.cinier.com\\\/de\\\/maison-cinier\\\/histoire\\\/\",\"url\":\"https:\\\/\\\/www.cinier.com\\\/de\\\/maison-cinier\\\/histoire\\\/\",\"name\":\"Firmengeschichte | Cinier\",\"isPartOf\":{\"@id\":\"https:\\\/\\\/www.cinier.com\\\/de\\\/#website\"},\"primaryImageOfPage\":{\"@id\":\"https:\\\/\\\/www.cinier.com\\\/de\\\/maison-cinier\\\/histoire\\\/#primaryimage\"},\"image\":{\"@id\":\"https:\\\/\\\/www.cinier.com\\\/de\\\/maison-cinier\\\/histoire\\\/#primaryimage\"},\"thumbnailUrl\":\"https:\\\/\\\/www.cinier.com\\\/app\\\/uploads\\\/2019\\\/08\\\/lhistoire-de-cinier.jpg\",\"datePublished\":\"2019-07-31T10:20:03+00:00\",\"dateModified\":\"2024-12-11T10:48:26+00:00\",\"description\":\"Die Firma CINIER ist seit 1990 spezialisiert in der Herstellung von zeitgen\u00f6ssischen, modernen Heizk\u00f6rpern. Hier wird hochqualitative Handwerkskunst ausge\u00fcbt.\",\"breadcrumb\":{\"@id\":\"https:\\\/\\\/www.cinier.com\\\/de\\\/maison-cinier\\\/histoire\\\/#breadcrumb\"},\"inLanguage\":\"de-DE\",\"potentialAction\":[{\"@type\":\"ReadAction\",\"target\":[\"https:\\\/\\\/www.cinier.com\\\/de\\\/maison-cinier\\\/histoire\\\/\"]}]},{\"@type\":\"ImageObject\",\"inLanguage\":\"de-DE\",\"@id\":\"https:\\\/\\\/www.cinier.com\\\/de\\\/maison-cinier\\\/histoire\\\/#primaryimage\",\"url\":\"https:\\\/\\\/www.cinier.com\\\/app\\\/uploads\\\/2019\\\/08\\\/lhistoire-de-cinier.jpg\",\"contentUrl\":\"https:\\\/\\\/www.cinier.com\\\/app\\\/uploads\\\/2019\\\/08\\\/lhistoire-de-cinier.jpg\",\"width\":1173,\"height\":1280,\"caption\":\"Firmengeschichte 1\"},{\"@type\":\"BreadcrumbList\",\"@id\":\"https:\\\/\\\/www.cinier.com\\\/de\\\/maison-cinier\\\/histoire\\\/#breadcrumb\",\"itemListElement\":[{\"@type\":\"ListItem\",\"position\":1,\"name\":\"Accueil\",\"item\":\"https:\\\/\\\/www.cinier.com\\\/de\\\/\"},{\"@type\":\"ListItem\",\"position\":2,\"name\":\"Maison Cinier\",\"item\":\"https:\\\/\\\/www.cinier.com\\\/de\\\/maison-cinier\\\/\"},{\"@type\":\"ListItem\",\"position\":3,\"name\":\"Firmengeschichte\"}]},{\"@type\":\"WebSite\",\"@id\":\"https:\\\/\\\/www.cinier.com\\\/de\\\/#website\",\"url\":\"https:\\\/\\\/www.cinier.com\\\/de\\\/\",\"name\":\"Cinier\",\"description\":\"Radiateurs et Luminaires Contemporains\",\"publisher\":{\"@id\":\"https:\\\/\\\/www.cinier.com\\\/de\\\/#organization\"},\"potentialAction\":[{\"@type\":\"SearchAction\",\"target\":{\"@type\":\"EntryPoint\",\"urlTemplate\":\"https:\\\/\\\/www.cinier.com\\\/de\\\/?s={search_term_string}\"},\"query-input\":{\"@type\":\"PropertyValueSpecification\",\"valueRequired\":true,\"valueName\":\"search_term_string\"}}],\"inLanguage\":\"de-DE\"},{\"@type\":\"Organization\",\"@id\":\"https:\\\/\\\/www.cinier.com\\\/de\\\/#organization\",\"name\":\"Cinier\",\"url\":\"https:\\\/\\\/www.cinier.com\\\/de\\\/\",\"logo\":{\"@type\":\"ImageObject\",\"inLanguage\":\"de-DE\",\"@id\":\"https:\\\/\\\/www.cinier.com\\\/de\\\/#\\\/schema\\\/logo\\\/image\\\/\",\"url\":\"https:\\\/\\\/www.cinier.com\\\/app\\\/uploads\\\/2019\\\/08\\\/logo.png\",\"contentUrl\":\"https:\\\/\\\/www.cinier.com\\\/app\\\/uploads\\\/2019\\\/08\\\/logo.png\",\"width\":258,\"height\":122,\"caption\":\"Cinier\"},\"image\":{\"@id\":\"https:\\\/\\\/www.cinier.com\\\/de\\\/#\\\/schema\\\/logo\\\/image\\\/\"},\"sameAs\":[\"https:\\\/\\\/www.facebook.com\\\/cinierdesign\\\/?ref=bookmarks\",\"https:\\\/\\\/www.instagram.com\\\/cinier_design\\\/?hl=en\",\"https:\\\/\\\/www.linkedin.com\\\/company\\\/cinier-paris\\\/?viewAsMember=true\",\"https:\\\/\\\/www.pinterest.fr\\\/CINIERFrance\\\/\",\"https:\\\/\\\/www.youtube.com\\\/watch?v=EBncqm0X6-4\"]}]}<\/script>\n<!-- \/ Yoast SEO plugin. -->","yoast_head_json":{"title":"Firmengeschichte | Cinier","description":"Die Firma CINIER ist seit 1990 spezialisiert in der Herstellung von zeitgen\u00f6ssischen, modernen Heizk\u00f6rpern. Hier wird hochqualitative Handwerkskunst ausge\u00fcbt.","robots":{"index":"index","follow":"follow","max-snippet":"max-snippet:-1","max-image-preview":"max-image-preview:large","max-video-preview":"max-video-preview:-1"},"canonical":"https:\/\/www.cinier.com\/de\/maison-cinier\/histoire\/","og_locale":"de_DE","og_type":"article","og_title":"Firmengeschichte | Cinier","og_description":"Die Firma CINIER ist seit 1990 spezialisiert in der Herstellung von zeitgen\u00f6ssischen, modernen Heizk\u00f6rpern. Hier wird hochqualitative Handwerkskunst ausge\u00fcbt.","og_url":"https:\/\/www.cinier.com\/de\/maison-cinier\/histoire\/","og_site_name":"Cinier","article_publisher":"https:\/\/www.facebook.com\/cinierdesign\/?ref=bookmarks","article_modified_time":"2024-12-11T10:48:26+00:00","og_image":[{"width":1173,"height":1280,"url":"https:\/\/www.cinier.com\/app\/uploads\/2019\/08\/lhistoire-de-cinier.jpg","type":"image\/jpeg"}],"twitter_card":"summary_large_image","twitter_misc":{"Est. reading time":"1 minute"},"schema":{"@context":"https:\/\/schema.org","@graph":[{"@type":"WebPage","@id":"https:\/\/www.cinier.com\/de\/maison-cinier\/histoire\/","url":"https:\/\/www.cinier.com\/de\/maison-cinier\/histoire\/","name":"Firmengeschichte | Cinier","isPartOf":{"@id":"https:\/\/www.cinier.com\/de\/#website"},"primaryImageOfPage":{"@id":"https:\/\/www.cinier.com\/de\/maison-cinier\/histoire\/#primaryimage"},"image":{"@id":"https:\/\/www.cinier.com\/de\/maison-cinier\/histoire\/#primaryimage"},"thumbnailUrl":"https:\/\/www.cinier.com\/app\/uploads\/2019\/08\/lhistoire-de-cinier.jpg","datePublished":"2019-07-31T10:20:03+00:00","dateModified":"2024-12-11T10:48:26+00:00","description":"Die Firma CINIER ist seit 1990 spezialisiert in der Herstellung von zeitgen\u00f6ssischen, modernen Heizk\u00f6rpern. Hier wird hochqualitative Handwerkskunst ausge\u00fcbt.","breadcrumb":{"@id":"https:\/\/www.cinier.com\/de\/maison-cinier\/histoire\/#breadcrumb"},"inLanguage":"de-DE","potentialAction":[{"@type":"ReadAction","target":["https:\/\/www.cinier.com\/de\/maison-cinier\/histoire\/"]}]},{"@type":"ImageObject","inLanguage":"de-DE","@id":"https:\/\/www.cinier.com\/de\/maison-cinier\/histoire\/#primaryimage","url":"https:\/\/www.cinier.com\/app\/uploads\/2019\/08\/lhistoire-de-cinier.jpg","contentUrl":"https:\/\/www.cinier.com\/app\/uploads\/2019\/08\/lhistoire-de-cinier.jpg","width":1173,"height":1280,"caption":"Firmengeschichte 1"},{"@type":"BreadcrumbList","@id":"https:\/\/www.cinier.com\/de\/maison-cinier\/histoire\/#breadcrumb","itemListElement":[{"@type":"ListItem","position":1,"name":"Accueil","item":"https:\/\/www.cinier.com\/de\/"},{"@type":"ListItem","position":2,"name":"Maison Cinier","item":"https:\/\/www.cinier.com\/de\/maison-cinier\/"},{"@type":"ListItem","position":3,"name":"Firmengeschichte"}]},{"@type":"WebSite","@id":"https:\/\/www.cinier.com\/de\/#website","url":"https:\/\/www.cinier.com\/de\/","name":"Cinier","description":"Radiateurs et Luminaires Contemporains","publisher":{"@id":"https:\/\/www.cinier.com\/de\/#organization"},"potentialAction":[{"@type":"SearchAction","target":{"@type":"EntryPoint","urlTemplate":"https:\/\/www.cinier.com\/de\/?s={search_term_string}"},"query-input":{"@type":"PropertyValueSpecification","valueRequired":true,"valueName":"search_term_string"}}],"inLanguage":"de-DE"},{"@type":"Organization","@id":"https:\/\/www.cinier.com\/de\/#organization","name":"Cinier","url":"https:\/\/www.cinier.com\/de\/","logo":{"@type":"ImageObject","inLanguage":"de-DE","@id":"https:\/\/www.cinier.com\/de\/#\/schema\/logo\/image\/","url":"https:\/\/www.cinier.com\/app\/uploads\/2019\/08\/logo.png","contentUrl":"https:\/\/www.cinier.com\/app\/uploads\/2019\/08\/logo.png","width":258,"height":122,"caption":"Cinier"},"image":{"@id":"https:\/\/www.cinier.com\/de\/#\/schema\/logo\/image\/"},"sameAs":["https:\/\/www.facebook.com\/cinierdesign\/?ref=bookmarks","https:\/\/www.instagram.com\/cinier_design\/?hl=en","https:\/\/www.linkedin.com\/company\/cinier-paris\/?viewAsMember=true","https:\/\/www.pinterest.fr\/CINIERFrance\/","https:\/\/www.youtube.com\/watch?v=EBncqm0X6-4"]}]}},"_links":{"self":[{"href":"https:\/\/www.cinier.com\/de\/wp-json\/wp\/v2\/pages\/12407","targetHints":{"allow":["GET"]}}],"collection":[{"href":"https:\/\/www.cinier.com\/de\/wp-json\/wp\/v2\/pages"}],"about":[{"href":"https:\/\/www.cinier.com\/de\/wp-json\/wp\/v2\/types\/page"}],"author":[{"embeddable":true,"href":"https:\/\/www.cinier.com\/de\/wp-json\/wp\/v2\/users\/1"}],"replies":[{"embeddable":true,"href":"https:\/\/www.cinier.com\/de\/wp-json\/wp\/v2\/comments?post=12407"}],"version-history":[{"count":20,"href":"https:\/\/www.cinier.com\/de\/wp-json\/wp\/v2\/pages\/12407\/revisions"}],"predecessor-version":[{"id":34132,"href":"https:\/\/www.cinier.com\/de\/wp-json\/wp\/v2\/pages\/12407\/revisions\/34132"}],"up":[{"embeddable":true,"href":"https:\/\/www.cinier.com\/de\/wp-json\/wp\/v2\/pages\/10809"}],"wp:featuredmedia":[{"embeddable":true,"href":"https:\/\/www.cinier.com\/de\/wp-json\/wp\/v2\/media\/3568"}],"wp:attachment":[{"href":"https:\/\/www.cinier.com\/de\/wp-json\/wp\/v2\/media?parent=12407"}],"curies":[{"name":"wp","href":"https:\/\/api.w.org\/{rel}","templated":true}]}}